{"id":72,"date":"2017-10-18T19:30:41","date_gmt":"2017-10-18T19:30:41","guid":{"rendered":"http:\/\/www.teksima.com\/?page_id=45"},"modified":"2018-11-29T06:46:54","modified_gmt":"2018-11-29T06:46:54","slug":"tarihcemiz-2","status":"publish","type":"page","link":"http:\/\/www.teksima.com\/?page_id=72&lang=tr","title":{"rendered":"Hakk\u0131m\u0131zda"},"content":{"rendered":"<p>TEKSiMA Tekstil Makina Sanayi bir aile \u015firketi olup bug\u00fcn d\u00f6rd\u00fcnc\u00fc ku\u015fak taraf\u0131ndan y\u00f6netilmektedir. Temelleri H. Mehmet Emin Botsal\u0131&#8217;n\u0131n 1893&#8217;te iplik ticaretine ba\u015flamas\u0131yla at\u0131lan ticarethane, Botsal\u0131&#8217;n\u0131n 1938&#8217;de vefat\u0131 \u00fczerine iki o\u011flu Hasan ve H\u00fcseyin Botsal\u0131&#8217;n\u0131n y\u00f6netimine ge\u00e7mi\u015ftir. 1950 y\u0131l\u0131nda Hasan ve H\u00fcseyin Botsal\u0131&#8217;n\u0131n hac g\u00f6revi s\u0131ras\u0131nda vefat etmelerinden sonra y\u00f6netimi \u00fc\u00e7\u00fcnc\u00fc ku\u015faktan M. \u0130smet Botsal\u0131 alm\u0131\u015ft\u0131r. \u0130smet Botsal\u0131, iplik ticaretini daha da geli\u015ftirerek Avrupa&#8217;dan iplik b\u00fck\u00fcm makineleri getirip bu alanda bir at\u00f6lye a\u00e7m\u0131\u015ft\u0131r. 1970-1976 y\u0131llar\u0131 aras\u0131nda Konya&#8217;da iplik imalat\u0131na y\u00f6nelik bir tesis \u00e7al\u0131\u015ft\u0131ran \u0130smet Botsal\u0131, 1980 y\u0131l\u0131ndan itibaren de TEKSiMA ad\u0131 alt\u0131nda tekstil makineleri imalat\u0131na ba\u015flam\u0131\u015ft\u0131r. TEKSiMA \u015fu an d\u00f6rd\u00fcnc\u00fc ku\u015fa\u011f\u0131n da kat\u0131l\u0131m\u0131yla makine imalat\u0131na devam etmektedir. D\u00f6rd\u00fcnc\u00fc ku\u015fak, E. Serta\u00e7 Botsal\u0131 Konya 1. Organize Sanayi&#8217;nde bulunan tesisin y\u00f6netimini bizzat s\u00fcrd\u00fcrmektedir.<\/p>\n","protected":false},"excerpt":{"rendered":"<p>TEKSiMA Tekstil Makina Sanayi bir aile \u015firketi olup bug\u00fcn d\u00f6rd\u00fcnc\u00fc ku\u015fak taraf\u0131ndan y\u00f6netilmektedir. Temelleri H. Mehmet Emin Botsal\u0131&#8217;n\u0131n 1893&#8217;te iplik ticaretine ba\u015flamas\u0131yla at\u0131lan ticarethane, Botsal\u0131&#8217;n\u0131n 1938&#8217;de vefat\u0131 \u00fczerine iki o\u011flu Hasan ve H\u00fcseyin Botsal\u0131&#8217;n\u0131n y\u00f6netimine ge\u00e7mi\u015ftir. 1950 y\u0131l\u0131nda Hasan ve H\u00fcseyin Botsal\u0131&#8217;n\u0131n hac g\u00f6revi s\u0131ras\u0131nda vefat etmelerinden sonra y\u00f6netimi \u00fc\u00e7\u00fcnc\u00fc ku\u015faktan M. \u0130smet Botsal\u0131 alm\u0131\u015ft\u0131r. [&hellip;]<\/p>\n","protected":false},"author":1,"featured_media":0,"parent":0,"menu_order":0,"comment_status":"closed","ping_status":"closed","template":"","meta":[],"_links":{"self":[{"href":"http:\/\/www.teksima.com\/index.php?rest_route=\/wp\/v2\/pages\/72"}],"collection":[{"href":"http:\/\/www.teksima.com\/index.php?rest_route=\/wp\/v2\/pages"}],"about":[{"href":"http:\/\/www.teksima.com\/index.php?rest_route=\/wp\/v2\/types\/page"}],"author":[{"embeddable":true,"href":"http:\/\/www.teksima.com\/index.php?rest_route=\/wp\/v2\/users\/1"}],"replies":[{"embeddable":true,"href":"http:\/\/www.teksima.com\/index.php?rest_route=%2Fwp%2Fv2%2Fcomments&post=72"}],"version-history":[{"count":1,"href":"http:\/\/www.teksima.com\/index.php?rest_route=\/wp\/v2\/pages\/72\/revisions"}],"predecessor-version":[{"id":334,"href":"http:\/\/www.teksima.com\/index.php?rest_route=\/wp\/v2\/pages\/72\/revisions\/334"}],"wp:attachment":[{"href":"http:\/\/www.teksima.com\/index.php?rest_route=%2Fwp%2Fv2%2Fmedia&parent=72"}],"curies":[{"name":"wp","href":"https:\/\/api.w.org\/{rel}","templated":true}]}}